{"version":"1.0","provider_name":"Sitio web de Ignacio S\u00e1nchez-Mej\u00edas Herrero","provider_url":"https:\/\/www.ignaciosanchezmejias.es","title":"El abono 2015 (I) - Sitio web de Ignacio S\u00e1nchez-Mej\u00edas Herrero","type":"rich","width":600,"height":338,"html":"<blockquote class=\"wp-embedded-content\" data-secret=\"gqgRdyERFt\"><a href=\"https:\/\/www.ignaciosanchezmejias.es\/index.php\/2015\/01\/10\/el-abono-2015\/\">El abono 2015 (I)<\/a><\/blockquote><iframe sandbox=\"allow-scripts\" security=\"restricted\" src=\"https:\/\/www.ignaciosanchezmejias.es\/index.php\/2015\/01\/10\/el-abono-2015\/embed\/#?secret=gqgRdyERFt\" width=\"600\" height=\"338\" title=\"\u00abEl abono 2015 (I)\u00bb \u2014 Sitio web de Ignacio S\u00e1nchez-Mej\u00edas Herrero\" data-secret=\"gqgRdyERFt\" frameborder=\"0\" marginwidth=\"0\" marginheight=\"0\" scrolling=\"no\" class=\"wp-embedded-content\"><\/iframe><script>\n\/*! This file is auto-generated *\/\n!function(d,l){\"use strict\";l.querySelector&&d.addEventListener&&\"undefined\"!=typeof URL&&(d.wp=d.wp||{},d.wp.receiveEmbedMessage||(d.wp.receiveEmbedMessage=function(e){var t=e.data;if((t||t.secret||t.message||t.value)&&!\/[^a-zA-Z0-9]\/.test(t.secret)){for(var s,r,n,a=l.querySelectorAll('iframe[data-secret=\"'+t.secret+'\"]'),o=l.querySelectorAll('blockquote[data-secret=\"'+t.secret+'\"]'),c=new RegExp(\"^https?:$\",\"i\"),i=0;i<o.length;i++)o[i].style.display=\"none\";for(i=0;i<a.length;i++)s=a[i],e.source===s.contentWindow&&(s.removeAttribute(\"style\"),\"height\"===t.message?(1e3<(r=parseInt(t.value,10))?r=1e3:~~r<200&&(r=200),s.height=r):\"link\"===t.message&&(r=new URL(s.getAttribute(\"src\")),n=new URL(t.value),c.test(n.protocol))&&n.host===r.host&&l.activeElement===s&&(d.top.location.href=t.value))}},d.addEventListener(\"message\",d.wp.receiveEmbedMessage,!1),l.addEventListener(\"DOMContentLoaded\",function(){for(var e,t,s=l.querySelectorAll(\"iframe.wp-embedded-content\"),r=0;r<s.length;r++)(t=(e=s[r]).getAttribute(\"data-secret\"))||(t=Math.random().toString(36).substring(2,12),e.src+=\"#?secret=\"+t,e.setAttribute(\"data-secret\",t)),e.contentWindow.postMessage({message:\"ready\",secret:t},\"*\")},!1)))}(window,document);\n\/\/# sourceURL=https:\/\/www.ignaciosanchezmejias.es\/wp-includes\/js\/wp-embed.min.js\n<\/script>\n","thumbnail_url":"https:\/\/www.ignaciosanchezmejias.es\/wp-content\/uploads\/2015\/01\/2015.jpg","thumbnail_width":400,"thumbnail_height":300,"description":"Este a\u00f1o estamos un poco retrasados en la rumorolog\u00eda sobre la confecci\u00f3n del abono 2015. Por no tener no tenemos ni la informaci\u00f3n de las ganader\u00edas contratadas para la Feria de Abril, que amablemente nos remit\u00eda la Empresa junto con su felicitaci\u00f3n de Navidad y el DVD con el resumen de la temporada anterior, cosa [&hellip;]"}